{"version":"1.0","provider_name":"Zsanette Konyh\u00e1ja \u00cdz vil\u00e1g Gastro-Kochen&amp;Backen S\u00fct\u00e9s &amp;F\u0151z\u00e9s","provider_url":"https:\/\/myabc.cafeblog.hu","author_name":"Zsanette Kov\u00e1cs \u00cdz vil\u00e1g Gastro&amp; Konyh\u00e1ja","author_url":"https:\/\/myabc.cafeblog.hu\/author\/zsanette_kovacs_iz_vilag_gastro_konyhaja\/","title":"Eperkr\u00e9m szelet Zsanette m\u00f3dra","html":"<p><img class=\"wp-image-919 size-full aligncenter\" src=\"https:\/\/myabc.cafeblog.hu\/files\/2020\/03\/89468578_164482761192236_1212654621269426176_n.jpg\" alt=\"\" width=\"582\" height=\"402\" \/><\/p>\r\n<p>&nbsp;<\/p>\r\n<h1>Ez egy nagyon gyorsan elk\u00e9sz\u00edthet\u0151 finom s\u00fctem\u00e9ny csak arra kell v\u00e1rnunk hogy a puding kih\u0171lj\u00f6n teh\u00e1t kb 20 perces s\u00fctem\u00e9ny :)<\/h1>\r\n<p>&nbsp;<\/p>\r\n<section id=\"ingredients\" class=\"ingredients-container recipe-show__list-data document__section\">\r\n<div class=\"document__title-container split-header\">\r\n<h2 class=\"document__title split-header__main\">Hozz\u00e1val\u00f3k<\/h2>\r\n<div class=\"split-header__secondary shrink-xs subtle\">\r\n<div id=\"serving_recipe_11737517\">\r\n<div class=\"subtle field-group medium-editor-element placeholder\" role=\"textbox\">6-8 adag<\/div>\r\n<\/div>\r\n<\/div>\r\n<\/div>\r\n<div class=\"ingredient-list card-sm\">\r\n<ol class=\"list-unstyled ingredient-list__contents ui-sortable\" style=\"border: 0px solid #e7e5df;margin: 0px;padding: 0px;color: #484432;font-size: 1.2em\">\r\n<li id=\"ingredient_48042363\" class=\"ingredient \">\r\n<div class=\"field-group--ingredient field-group\">\r\n<div class=\"ingredient__details medium-editor-element placeholder\" role=\"textbox\">20 dkg\u00a0baba pisk\u00f3ta<\/div>\r\n<div class=\"ingredient__tools field-group__hover editor__tool editor__tool--pc subtle\"><i class=\"icf icf--close \"><\/i>\u00a0<i class=\"icf icf--sortable ui-sortable-handle\"><\/i><\/div>\r\n<\/div>\r\n<\/li>\r\n<li id=\"ingredient_48042373\" class=\"ingredient\">\r\n<div class=\"field-group--ingredient field-group\">\r\n<div class=\"ingredient__details medium-editor-element placeholder\" role=\"textbox\">2 cs\u00a0eper \u00edz\u0171 puding<\/div>\r\n<div class=\"ingredient__tools field-group__hover editor__tool editor__tool--pc subtle\"><i class=\"icf icf--close \"><\/i>\u00a0<i class=\"icf icf--sortable ui-sortable-handle\"><\/i><\/div>\r\n<\/div>\r\n<\/li>\r\n<li id=\"ingredient_48042374\" class=\"ingredient\">\r\n<div class=\"field-group--ingredient field-group\">\r\n<div class=\"ingredient__details medium-editor-element placeholder\" role=\"textbox\">6 dl\u00a0tej<\/div>\r\n<div class=\"ingredient__tools field-group__hover editor__tool editor__tool--pc subtle\"><i class=\"icf icf--close \"><\/i>\u00a0<i class=\"icf icf--sortable ui-sortable-handle\"><\/i><\/div>\r\n<\/div>\r\n<\/li>\r\n<li id=\"ingredient_48042386\" class=\"ingredient\">\r\n<div class=\"field-group--ingredient field-group\">\r\n<div class=\"ingredient__details medium-editor-element placeholder\" role=\"textbox\">2 cs\u00a0van\u00edli\u00e1s cukor<\/div>\r\n<div class=\"ingredient__tools field-group__hover editor__tool editor__tool--pc subtle\"><i class=\"icf icf--close \"><\/i>\u00a0<i class=\"icf icf--sortable ui-sortable-handle\"><\/i><\/div>\r\n<\/div>\r\n<\/li>\r\n<li id=\"ingredient_48042387\" class=\"ingredient\">\r\n<div class=\"field-group--ingredient field-group\">\r\n<div class=\"ingredient__details medium-editor-element placeholder\" role=\"textbox\">2 dl\u00a0tejsz\u00edn<\/div>\r\n<div class=\"ingredient__tools field-group__hover editor__tool editor__tool--pc subtle\"><i class=\"icf icf--close \"><\/i>\u00a0<i class=\"icf icf--sortable ui-sortable-handle\"><\/i><\/div>\r\n<\/div>\r\n<\/li>\r\n<li id=\"ingredient_48042388\" class=\"ingredient\">\r\n<div class=\"field-group--ingredient field-group\">\r\n<div class=\"ingredient__details medium-editor-element placeholder\" role=\"textbox\">340 g\u00a0tejf\u00f6l<\/div>\r\n<div class=\"ingredient__tools field-group__hover editor__tool editor__tool--pc subtle\"><i class=\"icf icf--close \"><\/i>\u00a0<i class=\"icf icf--sortable ui-sortable-handle\"><\/i><\/div>\r\n<\/div>\r\n<\/li>\r\n<li id=\"ingredient_48042389\" class=\"ingredient\">\r\n<div class=\"field-group--ingredient field-group\">\r\n<div class=\"ingredient__details medium-editor-element placeholder\" role=\"textbox\">3-4 ev\u0151kan\u00e1l\u00a0cukor vagy eritrit<\/div>\r\n<div class=\"ingredient__tools field-group__hover editor__tool editor__tool--pc subtle\"><i class=\"icf icf--close \"><\/i>\u00a0<i class=\"icf icf--sortable ui-sortable-handle\"><\/i><\/div>\r\n<\/div>\r\n<\/li>\r\n<li id=\"ingredient_48042488\" class=\"ingredient\">\r\n<div class=\"field-group--ingredient field-group\">\r\n<div class=\"ingredient__details medium-editor-element placeholder\" role=\"textbox\">50-60 dkg\u00a0eper friss vagy mirelit<\/div>\r\n<div class=\"ingredient__tools field-group__hover editor__tool editor__tool--pc subtle\"><i class=\"icf icf--close \"><\/i>\u00a0<i class=\"icf icf--sortable \"><\/i><\/div>\r\n<\/div>\r\n<\/li>\r\n<li id=\"ingredient_48042399\" class=\"ingredient\">\r\n<div class=\"field-group--ingredient field-group\">\r\n<div class=\"ingredient__details medium-editor-element placeholder\" role=\"textbox\">csipet\u00a0s\u00f3<\/div>\r\n<div class=\"ingredient__tools field-group__hover editor__tool editor__tool--pc subtle\"><i class=\"icf icf--close \"><\/i>\u00a0<i class=\"icf icf--sortable ui-sortable-handle\"><\/i><\/div>\r\n<\/div>\r\n<\/li>\r\n<li id=\"ingredient_48042400\" class=\"ingredient\">\r\n<div class=\"field-group--ingredient field-group\">\r\n<div class=\"ingredient__details medium-editor-element placeholder\" role=\"textbox\">kev\u00e9s\u00a0tej a pisk\u00f3ta m\u00e1rtogat\u00e1shoz<\/div>\r\n<div class=\"ingredient__tools field-group__hover editor__tool editor__tool--pc subtle\"><i class=\"icf icf--close \"><\/i>\u00a0<i class=\"icf icf--sortable ui-sortable-handle\"><\/i><\/div>\r\n<\/div>\r\n<\/li>\r\n<li id=\"ingredient_48042420\" class=\"ingredient\">\r\n<div class=\"field-group--ingredient field-group\">\r\n<div class=\"ingredient__details medium-editor-element placeholder\" role=\"textbox\">1 cs\u00a0torta zsel\u00e9<\/div>\r\n<div class=\"ingredient__tools field-group__hover editor__tool editor__tool--pc subtle\"><i class=\"icf icf--close \"><\/i>\u00a0<i class=\"icf icf--sortable ui-sortable-handle\"><\/i><\/div>\r\n<\/div>\r\n<\/li>\r\n<\/ol>\r\n<\/div>\r\n<\/section>\r\n<section id=\"steps\" class=\"steps-container recipe-show__list-data document__section\">\r\n<div class=\"document__title-container split-header\">\r\n<h2 class=\"document__title split-header__main\">Elk\u00e9sz\u00edt\u00e9s<\/h2>\r\n<div class=\"split-header__secondary shrink-xs subtle\">\r\n<div id=\"cooking_time_recipe_11737517\">\r\n<div class=\"subtle field-group medium-editor-element placeholder\" role=\"textbox\">20-30 p<\/div>\r\n<\/div>\r\n<\/div>\r\n<\/div>\r\n<p>Tejbe megf\u0151zz\u00fck a pudingot a csomagol\u00e1son l\u00e9v\u0151 le\u00edrtak alapj\u00e1n de csak a 6 dl tejbe f\u0151zz\u00fck meg.Pisk\u00f3t\u00e1t kev\u00e9s tejbe<\/p>\r\n<p>egy pillanatra bele m\u00e1rtjuk majd tepsibe sorakoztatjuk egym\u00e1s mell\u00e9.<\/p>\r\n<p>Tejsz\u00ednt felverj\u00fck \u00f6ssze keverj\u00fck a tejf\u00f6llel majd adunk hozz\u00e1 egy maroknyi epret \u00f6ssze turmixoljuk a kr\u00e9mmel majd<\/p>\r\n<p>ezt halmozzuk a pisk\u00f3ta tetej\u00e9re \u00e9s elsim\u00edtjuk.Tetej\u00e9re rakjuk a marad\u00e9k epret \u00e9s torta zsel\u00e9vel le\u00f6ntj\u00fck a<\/p>\r\n<p>csomagol\u00e1son l\u00e1sd.Majd h\u0171t\u0151be tessz\u00fck p\u00e1r \u00f3r\u00e1ra vagy ak\u00e1r eg\u00e9sz \u00e9jszak\u00e1ra. Mirelit epret haszn\u00e1lunk a felengedett<\/p>\r\n<p>l\u00e9t\u0151l sz\u0171rj\u00fck le felt\u00e9tlen.<\/p>\r\n<p><img class=\"alignnone wp-image-920 size-full\" src=\"https:\/\/myabc.cafeblog.hu\/files\/2020\/03\/Eperkr\u00e9m-szelet-2.jpg\" alt=\"\" width=\"720\" height=\"406\" \/><\/p>\r\n<p><img class=\"alignnone wp-image-921 size-full\" src=\"https:\/\/myabc.cafeblog.hu\/files\/2020\/03\/89373193_208723367154167_2236181435696283648_n.jpg\" alt=\"\" width=\"720\" height=\"406\" \/><\/p>\r\n<p><img class=\"alignnone wp-image-923 size-full\" src=\"https:\/\/myabc.cafeblog.hu\/files\/2020\/03\/Eperkr\u00e9m-szelet.jpg\" alt=\"\" width=\"720\" height=\"406\" \/><\/p>\r\n<\/section>","type":"rich"}